{"id":46,"date":"2024-06-11T19:48:20","date_gmt":"2024-06-11T17:48:20","guid":{"rendered":"https:\/\/monta-amazona.com\/aema\/?page_id=46"},"modified":"2025-09-09T11:21:19","modified_gmt":"2025-09-09T09:21:19","slug":"principal","status":"publish","type":"page","link":"https:\/\/www.monta-amazona.com\/aema\/","title":{"rendered":"Principal"},"content":{"rendered":"\n\n\n\n\n\n\n\n\n\n<p style=\"font-size: 25px; text-align: center; color: rgb(104, 104, 178); line-height: 1;\"><span style=\"color:#6868b2;\"><span style=\"font-family:Spirax;\">Eventos<\/span>&nbsp;<span style=\"font-family:Gugi;\">AEMA<\/span><\/span><br \/>\n<a href=\"https:\/\/www.monta-amazona.com\/eventos\/ev2025\/#251003-es\"><span style=\"font-size:16px;\">aqu&iacute; \u261e&nbsp;<\/span><\/a><\/p>\n\n\n\n\n\n\n\n<p style=\"text-align: center; color: rgb(104, 104, 178);\">24 -25-mayo 2025<br><a href=\"hhttps:\/\/www.monta-amazona.com\/eventos\/ev2025\/#251003-es>Curso <span style=\"font-family:Gugi;\">AEMA<\/span><\/a><br><span style=\"font-size:12px;\">Curso 3 d\u00edass<\/span><br><\/p>\n<p style=\"text-align: center;\"><span style=\"color: rgb(104, 104, 178); text-align: center;\"><span style=\"font-size: small;\">Centro  Ecuestre<\/span>&nbsp;<br><span style=\"font-family:Carrois Gothic SC;\">Sotomayor<\/span><br>Cartagena, Murcia<\/span><\/p>\n\n\n\n\n\n\n\n\n\n\n<p><font color=\"#333333\">para beneficiarse de todas las ventajas que ofrece AEMA<\/font><\/p>\n\n\n<p>Creando afici\u00f3n cada d\u00eda en lugar com\u00fan de encuentro, amistad, y formaci\u00f3n para amazonas.<\/p>\n\n\n<p><span style=\"color: #333;\">Formaci\u00f3n y Titulaci\u00f3n en Equitaci\u00f3n a la Amazona&nbsp;<br><\/span><\/p><p><span style=\"color: rgb(51, 51, 51); font-size: 12px;\"><\/span><span style=\"font-size: 12px;\">todos los niveles, disciplinas y estilos&nbsp;<br>Inglesa, Espa\u00f1ola, Vaquera<br>Doma, Salto, Campo, Destreza<\/span><span style=\"font-size: 12px;\"><\/span><\/p><p><span style=\"color: rgb(51, 51, 51); font-size: 12px;\">Profesorado con titulaci\u00f3n oficial<\/span><\/p>\n\n\n\n\n<p><span style=\"color: #333;\">Todas las actividades realizadas por AEMA<\/span><\/p><span style=\"color: #333;\">Cursos, Encuentros, Paseos, Seminarios, Concursos, Viajes, Formaci\u00f3n, Exhibiciones y&nbsp; Reuniones<\/span>\n\n\n<p style=\"line-height: 1.5;\">Art\u00edculos exclusivos de la Asociaci\u00f3n Espa\u00f1ola de Monta a la Amazona del Club AEMA<\/p><span style=\"line-height: 0.6;\"><\/span><p><span style=\"line-height: 0.9;\"><span style=\"font-size: 12px;\">AEMA online<br>Inscripci\u00f3n<br>Pruebas<\/span><\/span><\/p><span style=\"line-height: 0.6;\"><\/span>\n\n\n<p><font color=\"#333333\">el punto de encuentro de las amazonas para resolver dudas y exponer opiniones sobre todo lo relacionado con el mundo de la monta a la amazona<\/font><\/p>\n\n\n\n\n\n\n\n\n\n<h5>Asociaci\u00f3n<\/h5>\n\n\n<p style=\"font-size: 11px;\"><span style=\"font-family: Arial, Helvetica, sans-serif;\"><font color=\"#787878\" style=\"font-size: 12px;\">La Asociaci\u00f3n Espa\u00f1ola de Monta a la Amazona fue creada en el a\u00f1o 2004 con los siguientes objetivos:<\/font><\/span><\/p>\n\n\n\nRehabilitar la Monta a la Amazona en Espa\u00f1a.\n\n\nFomentar la pr\u00e1ctica de la Monta a la Amazona en el \u00e1mbito de la h\u00edpica deportiva y de ocio.\n\n\nRecuperar su aplicaci\u00f3n fiel a la usanza tradicional.\n\n\nRestablecer la Monta a la Amazona como especialidad de Arte Ecuestre.\n\n\nDivulgar los conceptos singulares de esta disciplina.\n\n\nInstruir en su funci\u00f3n de la equitaci\u00f3n.\n\n\nPromocionar actividades de Monta a la Amazona.\n\n\nFormar amazonas mediante el aprendizaje progresivo.\n\n\nPerfeccionar la doma propia de caballos para amazonas.\n\n\nEducar en el vestuario apropiado para cada tipo de atuendo de amazona.\n\n\nImpulsar la elaboraci\u00f3n de la guarnicioner\u00eda espec\u00edfica.\n\n\nTutelar la organizaci\u00f3n de exhibiciones de Monta a la Amazona.\n\n\nFavorecer la implantaci\u00f3n de concursos de Monta a la Amazona en diversas disciplinas h\u00edpicas y espec\u00edficos.\n\n\nCongregar a amazonas y caballeros interesados en esta monta.\n\n\nOfrecer un ambiente de intercambio cultural y social en torno al estudio, conocimiento y pr\u00e1ctica de este tipo de monta.\n\n\n<p style=\"padding-left: 20px;\" align=\"left\"><span style=\"font-size: 10px; color: rgb(89, 89, 89);\">\u00a9&nbsp;Todos los textos e im\u00e1genes protegidos por la propiedad intelectual<\/span><\/p>\n<p style=\"padding-left:20px;\"><span style=\"font-size: 10px; color: rgb(89, 89, 89);\">\u00a9&nbsp;Prohibida su reproducci\u00f3n en cualquier soporte sin autorizaci\u00f3n<\/span><\/p>\n\n\n\n\n\n\n\n\n\n\n\n\n\n\n\n","protected":false},"excerpt":{"rendered":"","protected":false},"author":1,"featured_media":0,"parent":0,"menu_order":0,"comment_status":"closed","ping_status":"closed","template":"","meta":{"pagelayer_contact_templates":[],"_pagelayer_content":"","footnotes":""},"folder":[18],"class_list":["post-46","page","type-page","status-publish","hentry"],"_links":{"self":[{"href":"https:\/\/www.monta-amazona.com\/aema\/wp-json\/wp\/v2\/pages\/46","targetHints":{"allow":["GET"]}}],"collection":[{"href":"https:\/\/www.monta-amazona.com\/aema\/wp-json\/wp\/v2\/pages"}],"about":[{"href":"https:\/\/www.monta-amazona.com\/aema\/wp-json\/wp\/v2\/types\/page"}],"author":[{"embeddable":true,"href":"https:\/\/www.monta-amazona.com\/aema\/wp-json\/wp\/v2\/users\/1"}],"replies":[{"embeddable":true,"href":"https:\/\/www.monta-amazona.com\/aema\/wp-json\/wp\/v2\/comments?post=46"}],"version-history":[{"count":16,"href":"https:\/\/www.monta-amazona.com\/aema\/wp-json\/wp\/v2\/pages\/46\/revisions"}],"predecessor-version":[{"id":177,"href":"https:\/\/www.monta-amazona.com\/aema\/wp-json\/wp\/v2\/pages\/46\/revisions\/177"}],"wp:attachment":[{"href":"https:\/\/www.monta-amazona.com\/aema\/wp-json\/wp\/v2\/media?parent=46"}],"wp:term":[{"taxonomy":"folder","embeddable":true,"href":"https:\/\/www.monta-amazona.com\/aema\/wp-json\/wp\/v2\/folder?post=46"}],"curies":[{"name":"wp","href":"https:\/\/api.w.org\/{rel}","templated":true}]}}