{"id":59,"date":"2024-06-12T09:30:34","date_gmt":"2024-06-12T07:30:34","guid":{"rendered":"https:\/\/monta-amazona.com\/aema\/?page_id=59"},"modified":"2025-05-01T11:34:56","modified_gmt":"2025-05-01T09:34:56","slug":"cursos","status":"publish","type":"page","link":"https:\/\/www.monta-amazona.com\/aema\/cursos\/","title":{"rendered":"Cursos"},"content":{"rendered":"\n\n\n<h2>ense\u00f1anza AEMA<\/h2>\n\n\n\n\n\n\n<p style=\"text-align: center; font-size: 22px;\"><span style=\"color:#6868b2;\"><span style=\"font-family:Spirax;\"><span style=\"font-size:24px;\">Equitaci\u00f3n a la Amazona<\/span> <br><\/span><\/span><span style=\"color: rgb(104, 104, 178); font-family: Spirax; font-size: 24px;\">Ense\u00f1anza<\/span>&nbsp;<span style=\"color:#6868b2;\"><span style=\"font-family:Spirax;\">y <span style=\"font-size:24px;\">Cursos<\/span><\/span> <span style=\"font-family:Gugi;\">AEMA<\/span><\/span><span style=\"font-family:Gugi;\"><\/span><\/p>\n\n\n\n\n<p style=\"margin-left: 40px;\">AEMA realiza cursos de todos los niveles, <br>Iniciaci\u00f3n, Perfeccionamiento, Avanzado, Pr\u00e1cticas, etc. <br>para grupos de amazonas en toda Espa\u00f1a y otros pa\u00edses.<br>Consulte <a href=\"https:\/\/www.monta-amazona.com\/eventos\/\">Eventos<\/a> para ver actividades pr\u00f3ximas.<br>Informaci\u00f3n:&nbsp;&nbsp;<span style=\"font-size: 12px; color: rgb(89, 89, 89);\">&nbsp;aema@<\/span><span style=\"background-color: transparent; color: rgb(89, 89, 89); font-size: 12px;\">monta-amazona.com&nbsp;<\/span><\/p>\n\n\n\n\n\n<p style=\"text-align: justify; margin-left: 40px;\">Nuestras Instructoras AEMA han pasado los ex\u00e1menes de Grados de Monta a la Amazona, han realizado los cursos y superado los ex\u00e1menes para obtener el T\u00edtulo Oficial de Instructora Espec\u00edfica de Monta a la Amazona de la Asociaci\u00f3n Mundial <span style=\"font-family:Times New Roman;\"><em style=\"font-size: 17px;\">The Sidesaddle Association<\/em><\/span>\u00ae<\/p>\n\n\n\n\n<p style=\"margin-left: 10px;\">AEMA realiza cursos de todos los niveles, <br>Iniciaci\u00f3n, Perfeccionamiento, Avanzado, Pr\u00e1cticas, etc. <br>para grupos de amazonas en toda Espa\u00f1a y otros pa\u00edses.<br>Consulte <a href=\"https:\/\/www.monta-amazona.com\/eventos\/\">Eventos<\/a> para ver actividades pr\u00f3ximas.<br>Informaci\u00f3n:&nbsp;&nbsp;<span style=\"font-size: 12px; color: rgb(89, 89, 89);\">&nbsp;aema@<\/span><span style=\"background-color: transparent; color: rgb(89, 89, 89); font-size: 12px;\">monta-amazona.com&nbsp;<\/span><\/p>\n\n\n\n\n<p style=\"text-align: justify; margin-left: 10px;\">Nuestras Instructoras AEMA han pasado los ex\u00e1menes de Grados de Monta a la Amazona, han realizado los cursos y superado los ex\u00e1menes para obtener el T\u00edtulo Oficial de Instructora Espec\u00edfica de Monta a la Amazona de la Asociaci\u00f3n Mundial <span style=\"font-family:Times New Roman;\"><em style=\"font-size: 17px;\">The Sidesaddle Association<\/em><\/span>\u00ae<\/p>\n\n\n\n\n\n\n<p><span style=\"color: rgb(104, 104, 178);\">Instructora SSA<\/span><br><\/p><p><span style=\"color: rgb(104, 104, 178);\"><br><\/span><\/p><p><span style=\"color: rgb(104, 104, 178);\">Albacete<\/span><span style=\"color:#6868b2;\"><br><\/span><\/p>\n\n\n\n\n<p><span style=\"color: rgb(104, 104, 178);\">Instructora SSA<\/span><br><\/p><p><span style=\"color: rgb(104, 104, 178); font-family: Dosis;\">Campeona Ultramar 2019<\/span><\/p><p><span style=\"color:#6868b2;\"><br><\/span><\/p><p><span style=\"color:#6868b2;\">Baleares<\/span><\/p>\n\n\n\n\n<p><span style=\"color: rgb(104, 104, 178);\">Instructora SSA<br><\/span><span style=\"color:#6868b2;\">Juez Internacional SSA<br><\/span><span style=\"color: rgb(104, 104, 178); font-family: Dosis;\">Campeona Ultramar 2014<\/span><\/p><p><span style=\"color:#6868b2;\"><br><\/span><\/p><p><\/p><p><span style=\"color:#6868b2;\">Guadalajara<\/span><\/p>\n\n\n\n\n<p><span style=\"color: rgb(104, 104, 178);\">Instructora SSA<\/span><br><\/p><p><span style=\"color: rgb(104, 104, 178);\"><br><\/span><\/p><p><span style=\"color: rgb(104, 104, 178);\">Cerde\u00f1a, Italia<\/span><span style=\"color:#6868b2;\"><br><\/span><\/p><\/p><p><\/p>\n\n\n\n\n\n\n<p style=\"text-align: center; font-size: 22px;\"><span style=\"color:#6868b2;\"><span style=\"font-family:Spirax;\"><span style=\"font-size:24px;\">Centros Acreditados<\/span><\/span> <span style=\"font-family:Gugi;\">AEMA<\/span><\/span><span style=\"font-family:Gugi;\"><\/span><\/p>\n\n\n\n\n\n\n\n\n\n\n\n<p style=\"text-align: center;\"><span style=\"font-family: &quot;Marcellus SC&quot;; font-size: 19px;\">Centro Ecuestre<br>\nSotomayor<\/span><br>Cartagena<\/p>\n\n\n\n<p style=\"text-align: center;\"><span style=\"font-family: &quot;Marcellus SC&quot;; font-size: 19px;\">EquiCentre&nbsp;<br>\nSon Rub\u00ed Gran<\/span><br>Mont\u00fciri &#8211; Baleares<\/p>\n\n\n\n<p style=\"text-align: center;\"><span style=\"font-family: &quot;Marcellus SC&quot;; font-size: 19px;\">Centro Ecuestre<br>\nLa Dehesica<\/span><br>Albacete<\/p>\n\n\n\n\n\n\n","protected":false},"excerpt":{"rendered":"","protected":false},"author":1,"featured_media":0,"parent":0,"menu_order":0,"comment_status":"closed","ping_status":"closed","template":"","meta":{"pagelayer_contact_templates":[],"_pagelayer_content":"","footnotes":""},"folder":[18],"class_list":["post-59","page","type-page","status-publish","hentry"],"_links":{"self":[{"href":"https:\/\/www.monta-amazona.com\/aema\/wp-json\/wp\/v2\/pages\/59","targetHints":{"allow":["GET"]}}],"collection":[{"href":"https:\/\/www.monta-amazona.com\/aema\/wp-json\/wp\/v2\/pages"}],"about":[{"href":"https:\/\/www.monta-amazona.com\/aema\/wp-json\/wp\/v2\/types\/page"}],"author":[{"embeddable":true,"href":"https:\/\/www.monta-amazona.com\/aema\/wp-json\/wp\/v2\/users\/1"}],"replies":[{"embeddable":true,"href":"https:\/\/www.monta-amazona.com\/aema\/wp-json\/wp\/v2\/comments?post=59"}],"version-history":[{"count":20,"href":"https:\/\/www.monta-amazona.com\/aema\/wp-json\/wp\/v2\/pages\/59\/revisions"}],"predecessor-version":[{"id":168,"href":"https:\/\/www.monta-amazona.com\/aema\/wp-json\/wp\/v2\/pages\/59\/revisions\/168"}],"wp:attachment":[{"href":"https:\/\/www.monta-amazona.com\/aema\/wp-json\/wp\/v2\/media?parent=59"}],"wp:term":[{"taxonomy":"folder","embeddable":true,"href":"https:\/\/www.monta-amazona.com\/aema\/wp-json\/wp\/v2\/folder?post=59"}],"curies":[{"name":"wp","href":"https:\/\/api.w.org\/{rel}","templated":true}]}}