{"id":136,"date":"2005-12-09T05:10:25","date_gmt":"2005-12-09T05:10:25","guid":{"rendered":"https:\/\/www.monta-amazona.com\/eventos\/?page_id=136"},"modified":"2024-05-28T18:46:27","modified_gmt":"2024-05-28T18:46:27","slug":"ev2005","status":"publish","type":"page","link":"https:\/\/www.monta-amazona.com\/eventos\/ev2005\/","title":{"rendered":"2005"},"content":{"rendered":"\n\n\n\n\n\n<p>2005<\/p>\n\n\n\n\n\n\n\n\n\n\n\n\n\n\n\n\n\n<h2 style=\"color: rgb(104, 104, 178);\">Primera Asamblea AEMA<\/h2>\n<p style=\"text-align: center;\"><span style=\"color: rgb(104, 104, 178); line-height: 1; font-size: 20px; font-family: Milonga;\">3  Diciembre 2005<\/span><span style=\"background-color:#6b24b2;\"><\/span><\/p>\n\n\n\n\n\n\n\n\n\n\n\n\n\n<p>Lorem Ipsum has been the industry&#8217;s standard dummy text ever since the 1500s.<\/p>\n\n\n<p>Lorem Ipsum has been the industry&#8217;s standard dummy text ever since the 1500s.<\/p>\n\n\n\n\n\n\n\n\n\n\n\n\n<p align=\"justify\"><span style=\"font-family: Arial; text-align: -webkit-auto; color: rgb(104, 104, 178); font-size: 15px;\">El pasado d\u00eda tres de Diciembre de 2005 tuvo lugar en el centro de Equitaci\u00f3n Cavaletti (Las Rozas, Madrid), la primera Asamblea de la Asociaci\u00f3n, en la cual se reunieron Marina Garcia, Elena Herranz, Arantxa Plaza, Cristina Garcia Moreno, Mercedes Gonzalez Cort y Cecilia Duran Garcia con el prop\u00f3sito de decidir los proyectos para 2006 que auguren la buena trayectoria de la Asociaci\u00f3n.<\/span><br><\/p><p><\/p>\n\n\t\t\t<p align=\"justify\" style=\"margin-top: 3px; margin-bottom: 3px;\"><span style=\"font-size:15px;\"><span style=\"color:#6868b2;\"><span style=\"font-variant-numeric: normal; font-variant-east-asian: normal; text-align: -webkit-auto; border-collapse: separate; font-family: &quot;Times New Roman&quot;; line-height: normal; border-spacing: 0px; text-size-adjust: auto;\"><font face=\"Arial\">En dicha reuni\u00f3n se trataron los siguientes puntos:<\/font><\/span><\/span><\/span><\/p>\n\n\t\t\t<p align=\"justify\" style=\"margin-top: 3px; margin-bottom: 3px;\"><span style=\"font-size:15px;\"><span style=\"color:#6868b2;\"><span style=\"font-variant-numeric: normal; font-variant-east-asian: normal; text-align: -webkit-auto; border-collapse: separate; font-family: &quot;Times New Roman&quot;; line-height: normal; border-spacing: 0px; text-size-adjust: auto;\"><span style=\"border-collapse: separate; font-variant-numeric: normal; font-variant-east-asian: normal; line-height: normal; text-align: -webkit-auto; border-spacing: 0px; text-size-adjust: auto;\"><font face=\"Arial\">Toda la persona que quiera participar en la Asociaci\u00f3n deber\u00e1 asociarse para ello cumplimentar\u00e1 la Hoja de inscripci\u00f3n que puede encontrar en la pagina Web o solicit\u00e1ndola por tel\u00e9fono o correo ordinario.<\/font><\/span><\/span><\/span><\/span><\/p>\n\n\t\t\t<p align=\"justify\" style=\"margin-top: 3px; margin-bottom: 3px;\"><span style=\"font-size:15px;\"><span style=\"color:#6868b2;\"><span style=\"font-variant-numeric: normal; font-variant-east-asian: normal; text-align: -webkit-auto; border-collapse: separate; font-family: &quot;Times New Roman&quot;; line-height: normal; border-spacing: 0px; text-size-adjust: auto;\"><span style=\"border-collapse: separate; font-variant-numeric: normal; font-variant-east-asian: normal; line-height: normal; text-align: -webkit-auto; border-spacing: 0px; text-size-adjust: auto;\"><font face=\"Arial\">La cuota de socio ser\u00e1 de 25 euros anuales.<\/font><\/span><\/span><\/span><\/span><\/p>\n\n\t\t\t<p align=\"justify\" style=\"margin-top: 3px; margin-bottom: 3px;\"><span style=\"font-size:15px;\"><span style=\"color:#6868b2;\"><span style=\"font-variant-numeric: normal; font-variant-east-asian: normal; text-align: -webkit-auto; border-collapse: separate; font-family: &quot;Times New Roman&quot;; line-height: normal; border-spacing: 0px; text-size-adjust: auto;\"><span style=\"border-collapse: separate; font-variant-numeric: normal; font-variant-east-asian: normal; line-height: normal; text-align: -webkit-auto; border-spacing: 0px; text-size-adjust: auto;\"><font face=\"Arial\">Asociarse permite disfrutar de todas las actividades y beneficios de la Asociaci\u00f3n.<\/font><\/span><\/span><\/span><\/span><\/p>\n\n\t\t\t<p align=\"justify\" style=\"margin-top: 3px; margin-bottom: 3px;\"><span style=\"font-size:15px;\"><span style=\"color:#6868b2;\"><span style=\"font-variant-numeric: normal; font-variant-east-asian: normal; text-align: -webkit-auto; border-collapse: separate; font-family: &quot;Times New Roman&quot;; line-height: normal; border-spacing: 0px; text-size-adjust: auto;\"><span style=\"border-collapse: separate; font-variant-numeric: normal; font-variant-east-asian: normal; line-height: normal; text-align: -webkit-auto; border-spacing: 0px; text-size-adjust: auto;\"><font face=\"Arial\">Para la realizaci\u00f3n de concursos de amazona se realizar\u00e1 un reglamento tanto para doma cl\u00e1sica como para doma vaquera, se procurar\u00e1 hacer el mayor n\u00famero de exhibiciones en ferias y espect\u00e1culos de monta a la amazona para la promoci\u00f3n de esta especialidad y de la asociaci\u00f3n.<\/font><\/span><\/span><\/span><\/span><\/p>\n\n\t\t\t<p align=\"justify\" style=\"margin-top: 3px; margin-bottom: 3px;\"><span style=\"font-size:15px;\"><span style=\"color:#6868b2;\"><span style=\"font-variant-numeric: normal; font-variant-east-asian: normal; text-align: -webkit-auto; border-collapse: separate; font-family: &quot;Times New Roman&quot;; line-height: normal; border-spacing: 0px; text-size-adjust: auto;\"><span style=\"border-collapse: separate; font-variant-numeric: normal; font-variant-east-asian: normal; line-height: normal; text-align: -webkit-auto; border-spacing: 0px; text-size-adjust: auto;\"><font face=\"Arial\">Entre nuestros prop\u00f3sitos de m\u00e1s envergadura para 2006 est\u00e1n la participaci\u00f3n en La Marcha H\u00edpica Sevillana como grupo de amazonas y aprovechar el encuentro para conocernos el mayor n\u00famero posible de socias.<\/font><\/span><\/span><\/span><\/span><\/p>\n\n\t\t\t<p align=\"justify\" style=\"margin-top: 3px; margin-bottom: 3px;\"><span style=\"font-size:15px;\"><span style=\"color:#6868b2;\"><span style=\"font-variant-numeric: normal; font-variant-east-asian: normal; text-align: -webkit-auto; border-collapse: separate; font-family: &quot;Times New Roman&quot;; line-height: normal; border-spacing: 0px; text-size-adjust: auto;\"><span style=\"border-collapse: separate; font-variant-numeric: normal; font-variant-east-asian: normal; line-height: normal; text-align: -webkit-auto; border-spacing: 0px; text-size-adjust: auto;\"><font face=\"Arial\">Participar en SICAB 2006 con la colocaci\u00f3n de un stand y posiblemente una exhibici\u00f3n de varias amazonas.<\/font><\/span><\/span><\/span><\/span><\/p>\n\n\t\t\t<p align=\"justify\" style=\"margin-top: 3px; margin-bottom: 3px;\"><span style=\"font-size:15px;\"><span style=\"color:#6868b2;\"><span style=\"font-variant-numeric: normal; font-variant-east-asian: normal; text-align: -webkit-auto; border-collapse: separate; font-family: &quot;Times New Roman&quot;; line-height: normal; border-spacing: 0px; text-size-adjust: auto;\"><span style=\"border-collapse: separate; font-variant-numeric: normal; font-variant-east-asian: normal; line-height: normal; text-align: -webkit-auto; border-spacing: 0px; text-size-adjust: auto;\"><font face=\"Arial\">Realizar el primer encuentro y concurso de Amazonas de Espa\u00f1a (fecha y lugar pendiente de confirmaci\u00f3n).<\/font><\/span><\/span><\/span><\/span><\/p>\n\n\t\t\t<p align=\"justify\" style=\"margin-top: 3px; margin-bottom: 3px;\"><span style=\"font-size:15px;\"><span style=\"color:#6868b2;\"><span style=\"font-variant-numeric: normal; font-variant-east-asian: normal; text-align: -webkit-auto; border-collapse: separate; font-family: &quot;Times New Roman&quot;; line-height: normal; border-spacing: 0px; text-size-adjust: auto;\"><span style=\"border-collapse: separate; font-variant-numeric: normal; font-variant-east-asian: normal; line-height: normal; text-align: -webkit-auto; border-spacing: 0px; text-size-adjust: auto;\"><font face=\"Arial\">Este calendario se completar\u00e1 con exhibiciones y concursos que se decidan mas adelante, estando abierto a posibles variaciones.<\/font><\/span><\/span><\/span><\/span><\/p>\n\n\t\t\t<p align=\"justify\" style=\"margin-top: 3px; margin-bottom: 3px;\"><span style=\"font-size:15px;\"><span style=\"color:#6868b2;\"><span style=\"font-variant-numeric: normal; font-variant-east-asian: normal; text-align: -webkit-auto; border-collapse: separate; font-family: &quot;Times New Roman&quot;; line-height: normal; border-spacing: 0px; text-size-adjust: auto;\"><span style=\"border-collapse: separate; font-variant-numeric: normal; font-variant-east-asian: normal; line-height: normal; text-align: -webkit-auto; border-spacing: 0px; text-size-adjust: auto;\"><font face=\"Arial\">Todos los socios recibir\u00e1n dos boletines informativos al a\u00f1o, el primero ser\u00e1 publicado en el mes de Febrero.<\/font><\/span><\/span><\/span><\/span><\/p>\n\n\t\t\t<p align=\"justify\" style=\"margin-top: 3px; margin-bottom: 3px;\"><span style=\"font-size:15px;\"><span style=\"color:#6868b2;\"><span style=\"font-variant-numeric: normal; font-variant-east-asian: normal; text-align: -webkit-auto; border-collapse: separate; font-family: &quot;Times New Roman&quot;; line-height: normal; border-spacing: 0px; text-size-adjust: auto;\"><span style=\"border-collapse: separate; font-variant-numeric: normal; font-variant-east-asian: normal; line-height: normal; text-align: -webkit-auto; border-spacing: 0px; text-size-adjust: auto;\"><font face=\"Arial\">La Web estar\u00e1 actualizada lo m\u00e1ximo posible informando a sus socios de todas las actividades.<\/font><\/span><\/span><\/span><\/span><\/p>\n\n\t\t\t<p align=\"justify\" style=\"margin-top: 3px; margin-bottom: 3px;\"><span style=\"font-size:15px;\"><span style=\"color:#6868b2;\"><span style=\"font-variant-numeric: normal; font-variant-east-asian: normal; text-align: -webkit-auto; border-collapse: separate; font-family: &quot;Times New Roman&quot;; line-height: normal; border-spacing: 0px; text-size-adjust: auto;\"><span style=\"border-collapse: separate; font-variant-numeric: normal; font-variant-east-asian: normal; line-height: normal; text-align: -webkit-auto; border-spacing: 0px; text-size-adjust: auto;\"><font face=\"Arial\">Debido a que esta Asociaci\u00f3n es de \u00e1mbito nacional hemos decidido que para estar mas cerca de nuestros socios y mejorar el funcionamiento de la Asociaci\u00f3n, la elecci\u00f3n de representantes regionales, la funci\u00f3n de estos ser\u00e1 llevar a cabo la promoci\u00f3n de monta a la amazona en su regi\u00f3n para ello procurar\u00e1 hacer el m\u00e1ximo de actividades a su elecci\u00f3n para dicha promoci\u00f3n y mantendr\u00e1 contacto con los socios e informar\u00e1 a la Asociaci\u00f3n para publicar sus actividades. La proclamaci\u00f3n, cese o cambio de alg\u00fan representante ser\u00e1 elegido por la Asociaci\u00f3n y ser\u00e1 comunicado a los socios.<\/font><\/span><\/span><\/span><\/span><\/p>\n\n\n\n\n\n\n<p align=\"justify\" style=\"margin-top: 3px; margin-bottom: 3px;\"><span style=\"color: rgb(0, 0, 0); font-size: medium; font-variant-numeric: normal; font-variant-east-asian: normal; text-align: -webkit-auto; border-collapse: separate; font-family: &quot;Times New Roman&quot;; line-height: normal; border-spacing: 0px; text-size-adjust: auto;\"><font size=\"2\"><span style=\"border-collapse: separate; font-variant-numeric: normal; font-variant-east-asian: normal; line-height: normal; text-align: -webkit-auto; border-spacing: 0px; text-size-adjust: auto;\"><font color=\"#333333\"><font face=\"Arial\"><\/font><\/font><\/span><\/font><\/span><\/p>\n\n\t\t\t<p align=\"justify\" style=\"margin-top: 3px; margin-bottom: 3px;\"><span style=\"color: rgb(0, 0, 0); font-size: medium; font-variant-numeric: normal; font-variant-east-asian: normal; text-align: -webkit-auto; border-collapse: separate; font-family: &quot;Times New Roman&quot;; line-height: normal; border-spacing: 0px; text-size-adjust: auto;\"><font size=\"2\"><span style=\"border-collapse: separate; font-variant-numeric: normal; font-variant-east-asian: normal; line-height: normal; text-align: -webkit-auto; border-spacing: 0px; text-size-adjust: auto;\"><font color=\"#333333\"><font face=\"Arial\"><\/font><\/font><\/span><\/font><\/span><\/p><span style=\"color:#6868b2;\"><p align=\"justify\" style=\"margin-top: 3px; margin-bottom: 3px;\"><span style=\"font-size: medium; font-variant-numeric: normal; font-variant-east-asian: normal; text-align: -webkit-auto; border-collapse: separate; font-family: &quot;Times New Roman&quot;; line-height: normal; border-spacing: 0px; text-size-adjust: auto;\"><font size=\"2\"><span style=\"border-collapse: separate; font-variant-numeric: normal; font-variant-east-asian: normal; line-height: normal; text-align: -webkit-auto; border-spacing: 0px; text-size-adjust: auto;\"><font color=\"#333333\"><font face=\"Arial\" style=\"color: rgb(104, 104, 178);\">Las representantes elegidas son:<\/font><\/font><\/span><\/font><\/span><\/p>\n\n\t\t\t<p align=\"justify\">\n\t\t\t<\/p><ol>\n\t\t\t\t<li><span style=\"font-family: Arial; font-size: small; text-align: -webkit-auto;\">Eva Cano: zona de Catalu\u00f1a.<\/span><br><\/li><span style=\"color:#6868b2;\"><span style=\"\">\n\t\t\t\t<li><span style=\"font-family: Arial; font-size: small; text-align: -webkit-auto;\">Elena Moral Martinez-Fort\u00fan: zona de Levante.<\/span><br><\/li><\/span>\n\t\t\t\t<li><span style=\"font-family: Arial; font-size: small; text-align: -webkit-auto;\">Sara de Haro: zona de Andaluc\u00eda.<\/span><br><\/li><span style=\"color:#6868b2;\">\n\t\t\t\t<li><span style=\"font-family: Arial; font-size: small; text-align: -webkit-auto;\">Lourdes Benito: zona de Castilla Le\u00f3n.<\/span><\/li><\/span><\/span>\n\t\t\t<\/ol><\/span>\n\n\n\n\n\n\n","protected":false},"excerpt":{"rendered":"","protected":false},"author":1,"featured_media":0,"parent":0,"menu_order":0,"comment_status":"closed","ping_status":"closed","template":"","meta":{"pagelayer_contact_templates":[],"_pagelayer_content":"","footnotes":""},"folder":[42],"class_list":["post-136","page","type-page","status-publish","hentry"],"_links":{"self":[{"href":"https:\/\/www.monta-amazona.com\/eventos\/wp-json\/wp\/v2\/pages\/136","targetHints":{"allow":["GET"]}}],"collection":[{"href":"https:\/\/www.monta-amazona.com\/eventos\/wp-json\/wp\/v2\/pages"}],"about":[{"href":"https:\/\/www.monta-amazona.com\/eventos\/wp-json\/wp\/v2\/types\/page"}],"author":[{"embeddable":true,"href":"https:\/\/www.monta-amazona.com\/eventos\/wp-json\/wp\/v2\/users\/1"}],"replies":[{"embeddable":true,"href":"https:\/\/www.monta-amazona.com\/eventos\/wp-json\/wp\/v2\/comments?post=136"}],"version-history":[{"count":0,"href":"https:\/\/www.monta-amazona.com\/eventos\/wp-json\/wp\/v2\/pages\/136\/revisions"}],"wp:attachment":[{"href":"https:\/\/www.monta-amazona.com\/eventos\/wp-json\/wp\/v2\/media?parent=136"}],"wp:term":[{"taxonomy":"folder","embeddable":true,"href":"https:\/\/www.monta-amazona.com\/eventos\/wp-json\/wp\/v2\/folder?post=136"}],"curies":[{"name":"wp","href":"https:\/\/api.w.org\/{rel}","templated":true}]}}