{"id":248,"date":"2024-03-07T15:07:11","date_gmt":"2024-03-07T15:07:11","guid":{"rendered":"https:\/\/www.monta-amazona.com\/eventos\/?page_id=248"},"modified":"2024-12-10T21:52:20","modified_gmt":"2024-12-10T21:52:20","slug":"ev2023","status":"publish","type":"page","link":"https:\/\/www.monta-amazona.com\/eventos\/ev2023\/","title":{"rendered":"2023"},"content":{"rendered":"\n\n\n\n\n\n<p>2023<\/p>\n\n\n\n\n\n\n\n\n\n\n\n\n<p style=\"text-align: center;\"><em><em style=\"font-size: 12px; color: rgb(165, 165, 165);\"><a href=\"https:\/\/www.monta-amazona.com\/eventos\/wp-content\/uploads\/inscrip\/Socia2023_AEMA.pdf\">Impreso de Inscripci\u00f3n Socia 2023<\/a><\/em><\/em><\/p>\n\n\n\n\n\n\n\n\n\n\n\n\n\n\n\n<p>Lorem Ipsum has been the industry&#8217;s standard dummy text ever since the 1500s.<\/p>\n<p style=\"text-align: center;\"><em><em style=\"font-size: 10px; color: rgb(165, 165, 165);\">pincha sobre la imagen para ver grande<\/em><\/em><\/p>\n\n\n\n<p style=\"text-align: center; \"><span style=\"font-size: 22px; color: #718ae2\"><span style=\"font-family:Vast Shadow;\"><\/span><\/span><span style=\"font-family:Vast Shadow;\"><span style=\"font-size: 22px; color: #718ae2\"><span style=\"\">Pr\u00e1cticas AEMA<\/span><br><\/span><span style=\"color: rgb(113, 138, 226);\" font-family:=\"\" &quot;vast=\"\" shadow&quot;;=\"\" font-size:=\"\" 16px;=\"\" font-style:=\"\" normal;=\"\" font-variant-ligatures:=\"\" font-variant-caps:=\"\" font-weight:=\"\" 400;\"=\"\">de Equitaci\u00f3n a la Amazona<\/span><\/span><span style=\"color: rgb(113, 138, 226); font-family: &quot;Vast Shadow&quot;;\" font-family:=\"\" &quot;vast=\"\" shadow&quot;;=\"\" font-size:=\"\" 16px;=\"\" font-style:=\"\" normal;=\"\" font-variant-ligatures:=\"\" font-variant-caps:=\"\" font-weight:=\"\" 400;\"=\"\"><\/span><span style=\"color: rgb(192, 80, 77); font-size: 16px;\"><span style=\"font-family: &quot;Vast Shadow&quot;; color: color:#718ae2;\"><span style=\"font-size: 22px; color: rgb(113, 138, 226);\"><br><\/span><\/span><\/span><\/p>\n<p style=\"text-align: center; \"><span style=\"font-size: 16px;\">20&nbsp; &#8211; 21 mayo&nbsp; 2023<\/span><\/p>\n<p style=\"text-align: center;\"><span style=\"font-family: &quot;Open Sans&quot;, sans-serif; font-size: 14px; font-style: normal; font-variant-ligatures: normal; font-variant-caps: normal; font-weight: 400;\"><a href=\"https:\/\/centroecuestresotomayor.es\/\"><span style=\"color:##4250b6;\">&nbsp;<span style=\"font-family: &quot;Bigshot One&quot;; font-size: 18px; color: rgb(66, 80, 182);\">H\u00edpica Pedro Mac\u00edas<\/span><\/span><span style=\"font-family: &quot;Bigshot One&quot;; font-size: medium; color: rgb(102, 163, 224);\"><\/span>&nbsp;<\/a><br><\/span><span style=\"color: rgba(0, 0, 0, 0.87); font-family: Roboto, Arial, sans-serif; font-size: 14px; font-style: normal; font-variant-ligatures: normal; font-variant-caps: normal; font-weight: 400; text-align: left; background-color: rgb(247, 248, 249);\">&nbsp;Ctra. Sevilla-Brenes,&nbsp;<\/span><span style=\"background-color: rgb(247, 248, 249); color: rgba(0, 0, 0, 0.87); font-family: Roboto, Arial, sans-serif; font-size: 14px; font-style: normal; font-variant-ligatures: normal; font-variant-caps: normal; font-weight: 400;\">A-8008,&nbsp;<\/span><span style=\"background-color: rgb(247, 248, 249); color: rgba(0, 0, 0, 0.87); font-family: Roboto, Arial, sans-serif; font-size: 14px; font-style: normal; font-variant-ligatures: normal; font-variant-caps: normal; font-weight: 400; text-align: left;\">Km. 5.300<\/span><\/p><p style=\"text-align: center;\"><span style=\"font-family: &quot;Open Sans&quot;, sans-serif; font-size: 14px; font-style: normal; font-variant-ligatures: normal; font-variant-caps: normal; font-weight: 400;\">La Rinconada<\/span>, Sevill<span style=\"font-family: &quot;Open Sans&quot;, sans-serif; font-size: 14px; font-style: normal; font-variant-ligatures: normal; font-variant-caps: normal; font-weight: 400;\">a<\/span><\/p>\n\n<p style=\"text-align: center;\"><span style=\"font-family: &quot;Open Sans&quot;, sans-serif; font-size: 14px; font-style: normal; font-variant-ligatures: normal; font-variant-caps: normal; font-weight: 400; text-align: center;;\">Todos los niveles,&nbsp;<\/span><br style=\"text-align: center;\"><span style=\"font-style: normal; font-variant-ligatures: normal; font-variant-caps: normal; font-weight: 400; font-size: 14px; font-family: &quot;Open Sans&quot;, sans-serif; text-align: center; \">Iniciaci\u00f3n,&nbsp;<\/span><span style=\"font-family: &quot;Open Sans&quot;, sans-serif; font-size: 14px; font-style: normal; font-variant-ligatures: normal; font-variant-caps: normal; font-weight: 400; text-align: center; \">Entrenamiento, Perfeccionamiento,<\/span><br style=\"text-align: center; \"><span style=\"font-family: &quot;Open Sans&quot;, sans-serif; font-size: 14px; font-style: normal; font-variant-ligatures: normal; font-variant-caps: normal; font-weight: 400; text-align: center; \">con caballo propio o caballo del centro<\/span><br><\/p>\n<p style=\"text-align: center;\"><span style=\"font-family: &quot;Open Sans&quot;, sans-serif; font-size: 14px; font-style: normal; font-variant-ligatures: normal; font-variant-caps: normal; font-weight: 400; text-align: center;;\">Plazas limitadas&nbsp;<\/span>\n\n\n\n\n\n\n\n\n\n\n\n\n\n\n\n\n\n\n\n\n\n\n\n\n<p style=\"text-align: center;\"><em><em style=\"font-size: 10px; color: rgb(165, 165, 165);\">pincha sobre la imagen para ver grande<\/em><\/em><\/p>\n\n\n\n<p style=\"text-align: center; \"><font style=\"font-size: 22px;\"><span style=\"color: rgb(192, 80, 77); font-size: 16px;\"><span style=\"font-family: &quot;Vast Shadow&quot;; color: rgb(252, 70, 107);\"><span style=\"font-size: 22px;\">Curso AEMA<\/span><br>de Equitaci\u00f3n a la Amazona<\/span><\/span><\/font><\/p><p style=\"text-align: center; \"><br><\/p>\n<p style=\"text-align: center; \"><span style=\"font-size: 16px;\">6&nbsp; &#8211; 8 octubre&nbsp; 2023<\/span><\/p>\n<p style=\"text-align: center;\"><span style=\"font-family: &quot;Open Sans&quot;, sans-serif; font-size: 14px; font-style: normal; font-variant-ligatures: normal; font-variant-caps: normal; font-weight: 400;\"><a href=\"https:\/\/centroecuestresotomayor.es\/\">Centro Ecuestre Sotomayor<\/a><br><\/span>Santa Ana, Cartagena, Murcia<\/p>\n\n<p style=\"text-align: center;\"><span style=\"font-family: &quot;Open Sans&quot;, sans-serif; font-size: 14px; font-style: normal; font-variant-ligatures: normal; font-variant-caps: normal; font-weight: 400; text-align: center;;\">Todos los niveles, Teor\u00eda,&nbsp;<\/span><span style=\"font-style: normal; font-variant-ligatures: normal; font-variant-caps: normal; font-weight: 400; font-size: 14px; font-family: &quot;Open Sans&quot;, sans-serif; text-align: center; \">Aprendizaje,&nbsp;<\/span><span style=\"font-style: normal; font-variant-ligatures: normal; font-variant-caps: normal; font-weight: 400; font-size: 14px; font-family: &quot;Open Sans&quot;, sans-serif; text-align: center; \">Pr\u00e1cticas,&nbsp;<\/span><br style=\"text-align: center;\"><span style=\"font-style: normal; font-variant-ligatures: normal; font-variant-caps: normal; font-weight: 400; font-size: 14px; font-family: &quot;Open Sans&quot;, sans-serif; text-align: center; \">Iniciaci\u00f3n,&nbsp;<\/span><span style=\"font-family: &quot;Open Sans&quot;, sans-serif; font-size: 14px; font-style: normal; font-variant-ligatures: normal; font-variant-caps: normal; font-weight: 400; text-align: center; \">Entrenamiento, Perfeccionamiento,<\/span><br style=\"text-align: center; \"><span style=\"font-family: &quot;Open Sans&quot;, sans-serif; font-size: 14px; font-variant-ligatures: normal; font-variant-caps: normal; font-weight: 400; text-align: center;\">con caballo propio o caballo del centro<br><\/span><span style=\"font-family: &quot;Open Sans&quot;, sans-serif; font-size: 12px; font-variant-ligatures: normal; font-variant-caps: normal; font-weight: 600; text-align: center;\"><em>~Especial~<\/em> <\/span><span style=\"font-family: &quot;Open Sans&quot;, sans-serif; font-size: 12px; font-variant-ligatures: normal; font-variant-caps: normal; font-weight: 400; text-align: center;\">Plazas limitadas para Equitaci\u00f3n a Horcajadas<\/span><\/p>\n\n\n\n\n\n<p style=\"text-align: center;\"><span style=\"font-family: &quot;Open Sans&quot;, sans-serif; font-size: 14px; font-style: normal; font-variant-ligatures: normal; font-variant-caps: normal; font-weight: 400;\"><a href=\"https:\/\/centroecuestresotomayor.es\/\">Centro Ecuestre Sotomayor<\/a><br><\/span>Santa Ana, Cartagena, Murcia<\/p>\n\n\n\n\n<p style=\"text-align: center;\">Comidas \u00b7 Men\u00fa Club<br><span style=\"font-size:12px;\"><span style=\"font-family: &quot;Open Sans&quot;, sans-serif; font-style: normal; font-variant-ligatures: normal; font-variant-caps: normal; font-weight: 400;\">s\u00e1bado 12\u20ac<br><\/span><span style=\"font-family: &quot;Open Sans&quot;, sans-serif; font-style: normal; font-variant-ligatures: normal; font-variant-caps: normal; font-weight: 400;\">domingo 12\u20ac<br><\/span><\/span><span style=\"font-size:10px;\"><span style=\"font-family: &quot;Open Sans&quot;, sans-serif; font-style: normal; font-variant-ligatures: normal; font-variant-caps: normal; font-weight: 400;\">reservas antes del mi\u00e9rcoles 4<\/p>\n\n\n\n\n\n\n<p>Precios NO Socias<\/p>\n<p style=\"font-size: 14px;\"><u>NO Socias<\/u><\/p>\n\n<p style=\"font-size: 12px;\"><span style=\"font-size:12px;\"><span style=\"font-family: &quot;Open Sans&quot;, sans-serif;\">&nbsp;<\/span><span style=\"font-family: &quot;Open Sans&quot;, sans-serif;\"> &nbsp; &nbsp; &nbsp; &nbsp; <\/span><span style=\"font-family: &quot;Open Sans&quot;, sans-serif; \">Oyente 55\u20ac<\/span><br style=\"box-sizing: border-box; padding: 0px; margin: 0px; overflow-wrap: break-word; font-family: &quot;Open Sans&quot;, sans-serif;\"><\/span>\n<span style=\"font-family: &quot;Open Sans&quot;, sans-serif; font-size: 13px;\">Teor\u00eda y Pr\u00e1cticas<\/span><br style=\"box-sizing: border-box; padding: 0px; margin: 0px; overflow-wrap: break-word; font-family: &quot;Open Sans&quot;, sans-serif; font-size: 14px;\">\n<span style=\"font-size:12px;\"><span style=\"font-family: &quot;Open Sans&quot;, sans-serif;\">&nbsp;<\/span><span style=\"font-family: &quot;Open Sans&quot;, sans-serif;\">&nbsp;&nbsp; &nbsp; &nbsp; &nbsp;&nbsp;<\/span><span style=\"font-family: &quot;Open Sans&quot;, sans-serif;\">con Caballo Propio&nbsp; &nbsp; &nbsp; &nbsp; 110\u20ac<\/span><\/span><span style=\"font-style: normal; font-variant-ligatures: normal; font-variant-caps: normal; font-weight: 400; font-size: 12px; font-family: &quot;Open Sans&quot;, sans-serif;\"><br><\/span><span style=\"font-family: &quot;Open Sans&quot;, sans-serif; font-size: 12px; font-style: normal; font-variant-ligatures: normal; font-variant-caps: normal; font-weight: 400;\"><\/span><span style=\"font-style: normal; font-variant-ligatures: normal; font-variant-caps: normal; font-weight: 400; font-size: 12px; font-family: &quot;Open Sans&quot;, sans-serif;\"><span style=\"font-family: &quot;Open Sans&quot;, sans-serif;\">&nbsp;<\/span><span style=\"font-family: &quot;Open Sans&quot;, sans-serif;\">&nbsp;&nbsp; &nbsp; &nbsp; &nbsp;&nbsp;<\/span><span style=\"font-family: &quot;Open Sans&quot;, sans-serif;\">con caballo del centro&nbsp; 135\u20ac<\/span><\/span><\/p>\n\n\n<p>Precios Socias AEMA<\/p>\n<p style=\"font-size: 14px;\"><u>Socias AEMA<\/u><\/p>\n\n<p style=\"font-size: 12px; text-align: left;\"><span style=\"font-size:12px;\"><span style=\"font-family: &quot;Open Sans&quot;, sans-serif;\">&nbsp;<\/span><span style=\"font-family: &quot;Open Sans&quot;, sans-serif;\"> &nbsp; &nbsp; &nbsp; &nbsp; <\/span><span style=\"font-family: &quot;Open Sans&quot;, sans-serif;\">Oyente 40\u20ac<\/span><br style=\"box-sizing: border-box; padding: 0px; margin: 0px; overflow-wrap: break-word; font-family: &quot;Open Sans&quot;, sans-serif;\"><\/span>\n<span style=\"font-family: &quot;Open Sans&quot;, sans-serif; font-size: 13px;\">Teor\u00eda y Pr\u00e1cticas<\/span><br style=\"box-sizing: border-box; padding: 0px; margin: 0px; overflow-wrap: break-word; font-family: &quot;Open Sans&quot;, sans-serif; font-size: 14px;\">\n<span style=\"font-size:12px;\"><span style=\"font-family: &quot;Open Sans&quot;, sans-serif;\">&nbsp;<\/span><span style=\"font-family: &quot;Open Sans&quot;, sans-serif;\">&nbsp;&nbsp; &nbsp; &nbsp; &nbsp;&nbsp;<\/span><span style=\"font-family: &quot;Open Sans&quot;, sans-serif;\">con Caballo Propio&nbsp; &nbsp; &nbsp; &nbsp; &nbsp; 90\u20ac<\/span><br style=\"box-sizing: border-box; padding: 0px; margin: 0px; overflow-wrap: break-word; font-family: &quot;Open Sans&quot;, sans-serif;\"><\/span>\n<span style=\"font-size:12px;\"><span style=\"font-family: &quot;Open Sans&quot;, sans-serif;\">&nbsp;<\/span><span style=\"font-family: &quot;Open Sans&quot;, sans-serif;\">&nbsp;&nbsp; &nbsp; &nbsp; &nbsp;&nbsp;<\/span><span style=\"font-family: &quot;Open Sans&quot;, sans-serif;\">con caballo del centro&nbsp; 115\u20ac<\/span><\/span><\/p>\n\n\n\n\n\n\n\n\n\n\n\n\n\n\n\n\n\n\n\n\n\n\n\n\n\n\n\n\n\n\n\n\n\n\n\n\n\n\n\n<p style=\"text-align: center;\"><span style=\"text-align: center; line-height: 0.9;\"><span style=\"font-size: 14px;\"><span style=\"color: rgb(127, 127, 127); font-family: &quot;Open Sans&quot;, sans-serif;\"><strong><br><\/strong><\/span><\/span><span style=\"font-style: normal; font-variant-ligatures: normal; font-variant-caps: normal; font-weight: 400; font-size: 12px; font-family: &quot;Open Sans&quot;, sans-serif; color: rgb(80, 80, 80);\"><span style=\"font-style: normal; font-variant-ligatures: normal; font-variant-caps: normal; font-weight: 400; font-family: &quot;Open Sans&quot;, sans-serif;\">\u239c&nbsp;<\/span>\u2121 692 192 777 \u239c<br><span style=\"font-style: normal; font-variant-ligatures: normal; font-variant-caps: normal; font-weight: 400; font-family: &quot;Open Sans&quot;, sans-serif;\">\u239c&nbsp;<\/span><span style=\"font-style: normal; font-variant-ligatures: normal; font-variant-caps: normal; font-family: &quot;Open Sans&quot;, sans-serif;\">@<\/span><span style=\"font-style: normal; font-variant-ligatures: normal; font-variant-caps: normal; font-weight: 400; font-family: &quot;Open Sans&quot;, sans-serif;\">&nbsp;<\/span><span style=\"font-style: normal; font-variant-ligatures: normal; font-variant-caps: normal; font-weight: 400; font-family: &quot;Open Sans&quot;, sans-serif;\">&nbsp;<\/span><\/span><span style=\"font-style: normal; font-variant-ligatures: normal; font-variant-caps: normal; font-weight: 400; font-size: 12px; font-family: &quot;Open Sans&quot;, sans-serif; color: rgb(80, 80, 80);\">\u239c&nbsp;<\/span><span style=\"font-style: normal; font-variant-ligatures: normal; font-variant-caps: normal; font-weight: 400; font-size: 12px; font-family: &quot;Open Sans&quot;, sans-serif; color: rgb(80, 80, 80);\">aema.club@monta-amazona.com<\/span><span style=\"font-style: normal; font-variant-ligatures: normal; font-variant-caps: normal; font-weight: 400; font-size: 12px; font-family: &quot;Open Sans&quot;, sans-serif; color: rgb(80, 80, 80);\">&nbsp;<\/span><span style=\"font-style: normal; font-variant-ligatures: normal; font-variant-caps: normal; font-weight: 400; font-size: 12px; font-family: &quot;Open Sans&quot;, sans-serif; color: rgb(80, 80, 80);\">\u239c<\/span><span style=\"font-size: 14px;\"><a href=\"https:\/\/t.me\/MontaAmazona\"><br><\/a><font color=\"#7f7f7f\"><span style=\"\"><a href=\"https:\/\/t.me\/MontaAmazona\">&nbsp;Telegram MontaAmazona<\/a><\/span><\/font><\/span><font color=\"#7f7f7f\"><span style=\"font-size: 10px;\"><a href=\"https:\/\/t.me\/MontaAmazona\"><\/a><\/span><\/font><br><\/span><\/p>\n<p class=\"has-text-align-center has-text-color\" id=\"block-f5bba9fa-034c-48ed-bb89-d566e24a9e25\" style=\"color:#505050;font-size:16px\"><br><\/p>\n\n\n\n\n\n\n\n\n\n\n\n\n\nFacebook\nTelegram Monta Amazona\n\n\n\n\n\n\n\n\n\n\n\n\n\n\n\n\n\n\n\n\n\n\n\n\n\n\n\n\n\n\n<p style=\"text-align: center;\"><em><em style=\"font-size: 10px; color: rgb(165, 165, 165);\">pincha sobre la imagen para ver grande<\/em><\/em><\/p>\n\n\n<p>\u00abGarbeo Virtual 8\u00bb<\/p>\n\n<p style=\"text-align: center;\">&nbsp;<span style=\"text-align: center;\">Bimestral<\/span><\/p><font style=\"Orbitron\">\n<p style=\"font-size: 16px; text-align: center;\">1 Septiembre 2023 &#8211; <span style=\"color:#a10000;\"><em><br><\/em><\/span>&nbsp;hasta&nbsp;<strong><br><\/strong><\/p><p style=\"font-variant-ligatures: normal; font-variant-caps: normal; font-size: 16px; text-align: center;\"><span style=\"font-style: normal; font-variant-ligatures: normal; font-variant-caps: normal; font-size: 16px; font-family: &quot;Open Sans&quot;, sans-serif; color: rgb(0, 102, 204);\"><strong>2 Noviembre<\/strong><\/span>&nbsp;2023<\/p><p style=\"font-variant-ligatures: normal; font-variant-caps: normal; font-size: 14px; text-align: center;\"><span style=\"font-size: 14px;\">Concurso AEMA No Presencial<\/span><\/p><p style=\"font-variant-ligatures: normal; font-variant-caps: normal; font-size: 14px; text-align: center;\"><span style=\"font-size: 14px;\">desde tu pista<\/span><\/p><\/font>\n\n<p style=\"text-align: center; font-size: 18px; color: rgb(102, 163, 224); font-family: &quot;Roboto Slab&quot;;\">&#8211; Terminado &#8211;<\/p>\n\n<p><span style=\"font-family: 'Open Sans', sans-serif; font-size: 12px; text-align: center; color: #7f7f7f;\"><a href=\"https:\/\/www.monta-amazona.com\/club\">Informaci\u00f3n para participar<\/a><\/span><\/p>\n\n\n\nInscripci\u00f3n Socias AEMA\nInscripci\u00f3n No Socias\n\n\n\n\n\n\n\n\n\n\n\n\n\n\n\n\n\n\n\n\n\n\n\n<p style=\"text-align: center;\"><em><em style=\"font-size: 10px; color: rgb(187, 187, 187);\">pincha sobre la imagen para ver grande<\/em><\/em><\/p>\n\n\n\n<span style=\"color:#d4b98c;\"><span style=\"color:6868b2;\"><span style=\"color: rgb(230, 213, 186);\"><span style=\"color: rgb(255, 224, 175);\"><span style=\"\"><p dir=\"auto\" style=\"font-family: system-ui, -apple-system, &quot;system-ui&quot;, &quot;.SFNSText-Regular&quot;, sans-serif; font-size: 15px; font-style: normal; font-variant-ligatures: normal; font-variant-caps: normal; font-weight: 400; white-space-collapse: preserve; text-align: center;\"><span style=\"font-size:14px;\"><span style=\"font-family:arial,helvetica,sans-serif;\"><font style=\"Orbitron\"><span style=\"font-size: 16px; font-family: &quot;Cinzel Decorative&quot;;\"><span style=\"font-family:Cinzel Decorative;\">Feliz Navidad<\/span> <span style=\"font-family: Italianno;\">y<\/span> <span style=\"font-family:Cinzel Decorative;\">Pr\u00f3spero A\u00f1o 2024<\/span><\/span><\/font><\/span><\/span><\/p>\n\n<p style=\"font-size: 16px; text-align: center;\"><font style=\"Orbitron\"><span style=\"font-size:16px;\"><span style=\"font-family: arial, helvetica, sans-serif; font-size: 14px;\"><span style=\"font-style: normal; font-variant-ligatures: normal; font-variant-caps: normal; font-weight: 400; white-space-collapse: preserve;\">Mucha felicidad a todas nuestras socias<\/span>&nbsp;y&nbsp;gracias por formar parte un a\u00f1o m\u00e1s de vuestra Asociaci\u00f3n<\/span><\/span><\/font><\/p><\/span><\/span><p style=\"font-size: 16px; text-align: center;\"><font style=\"Orbitron\"><span style=\"font-size:16px;\"><span style=\"font-family: arial, helvetica, sans-serif; font-size: 14px;\"><\/span><\/span><\/font><\/p><\/span><p style=\"font-size: 16px; text-align: center;\"><font style=\"Orbitron\"><span style=\"font-size:16px;\"><span style=\"font-family: arial, helvetica, sans-serif; font-size: 14px;\"><\/span><\/span><\/font><\/p><\/span><\/span><p style=\"font-size: 16px; text-align: center;\"><font style=\"Orbitron\"><span style=\"font-size:16px;\"><span style=\"font-family: arial, helvetica, sans-serif; font-size: 14px;\"><\/span><\/span><br>\n&nbsp;<\/font><\/p>\n\n\n\n\n\n\n\n\n\n\n\n\n\n\n\n","protected":false},"excerpt":{"rendered":"","protected":false},"author":1,"featured_media":0,"parent":0,"menu_order":0,"comment_status":"closed","ping_status":"closed","template":"","meta":{"pagelayer_contact_templates":[],"_pagelayer_content":"","footnotes":""},"folder":[42],"class_list":["post-248","page","type-page","status-publish","hentry"],"_links":{"self":[{"href":"https:\/\/www.monta-amazona.com\/eventos\/wp-json\/wp\/v2\/pages\/248","targetHints":{"allow":["GET"]}}],"collection":[{"href":"https:\/\/www.monta-amazona.com\/eventos\/wp-json\/wp\/v2\/pages"}],"about":[{"href":"https:\/\/www.monta-amazona.com\/eventos\/wp-json\/wp\/v2\/types\/page"}],"author":[{"embeddable":true,"href":"https:\/\/www.monta-amazona.com\/eventos\/wp-json\/wp\/v2\/users\/1"}],"replies":[{"embeddable":true,"href":"https:\/\/www.monta-amazona.com\/eventos\/wp-json\/wp\/v2\/comments?post=248"}],"version-history":[{"count":3,"href":"https:\/\/www.monta-amazona.com\/eventos\/wp-json\/wp\/v2\/pages\/248\/revisions"}],"predecessor-version":[{"id":1260,"href":"https:\/\/www.monta-amazona.com\/eventos\/wp-json\/wp\/v2\/pages\/248\/revisions\/1260"}],"wp:attachment":[{"href":"https:\/\/www.monta-amazona.com\/eventos\/wp-json\/wp\/v2\/media?parent=248"}],"wp:term":[{"taxonomy":"folder","embeddable":true,"href":"https:\/\/www.monta-amazona.com\/eventos\/wp-json\/wp\/v2\/folder?post=248"}],"curies":[{"name":"wp","href":"https:\/\/api.w.org\/{rel}","templated":true}]}}